{"id":10776,"date":"2023-07-27T11:15:05","date_gmt":"2023-07-27T09:15:05","guid":{"rendered":"https:\/\/santepsy.ch\/ressource_pro\/limpact-des-contenus-partages-sur-les-reseaux-sociaux-sur-la-construction-de-son-identite-et-de-lestime-de-soi-stephane-koch\/"},"modified":"2024-09-18T15:50:45","modified_gmt":"2024-09-18T13:50:45","slug":"limpact-des-contenus-partages-sur-les-reseaux-sociaux-sur-la-construction-de-son-identite-et-de-lestime-de-soi-stephane-koch","status":"publish","type":"resource_pro","link":"https:\/\/santepsy.ch\/de\/ressource_pro\/limpact-des-contenus-partages-sur-les-reseaux-sociaux-sur-la-construction-de-son-identite-et-de-lestime-de-soi-stephane-koch\/","title":{"rendered":"L&#8217;impact des contenus partag\u00e9s sur les r\u00e9seaux sociaux sur la construction de son identit\u00e9 et de l&#8217;estime de soi &#8211; St\u00e9phane Koch"},"content":{"rendered":"\n<p>Les influenceurs, la chosification des corps \u00e0 travers la publicit\u00e9 ou la t\u00e9l\u00e9-r\u00e9alit\u00e9, les images retouch\u00e9es, peuvent avoir un fort impact sur la sant\u00e9 mentale des adolescent.e.s. Il est devenu n\u00e9cessaire de savoir \u00abd\u00e9crypter\u00bb ces modes de communication et de transformation num\u00e9rique des contenus, afin de les aider \u00e0 d\u00e9velopper une distance critique par rapport aux contenus auxquels ils \/ elles acc\u00e8dent. Leur permettre de comprendre comment la construction de leur identit\u00e9 peut \u00eatre affect\u00e9e par les diff\u00e9rentes formes d\u2019injonctions, que ce soit celles li\u00e9es \u00e0 l\u2019esth\u00e9tique, \u00e0 l\u2019alimentation, ou encore \u00e0 la mani\u00e8re d\u2019\u00eatre dans notre soci\u00e9t\u00e9\u2026 Comment \u00ab\u00eatre\u00bb et \u00abexister\u00bb au milieu du foisonnement de propositions d\u2019identit\u00e9s propres aux r\u00e9seaux sociaux ? Il est primordial de les accompagner dans cette d\u00e9marche.<br>L\u2019\u00e9ducation aux m\u00e9dias et \u00e0 l\u2019information ne doit ainsi pas se r\u00e9duire \u00e0 la d\u00e9tection des fake news, il doit aussi, et avant, tout \u00eatre un outil de d\u00e9veloppement de l\u2019esprit critique et de l\u2019aptitude au discernement.<\/p>\n\n\n\n<p><em>Cette intervention a eu lieu dans le cadre de colloque &#171;Promouvoir la sant\u00e9 psychique des adolescent\u00b7e\u00b7s&#187; organis\u00e9 conjointement entre #MOICMOI et SANT\u00c9PSY le 10.11.2020<\/em><\/p>\n","protected":false},"excerpt":{"rendered":"<p>Les influenceurs, la chosification des corps \u00e0 travers la publicit\u00e9 ou la t\u00e9l\u00e9-r\u00e9alit\u00e9, les images retouch\u00e9es, peuvent avoir un fort impact sur la sant\u00e9 mentale des adolescent.e.s. Il est devenu n\u00e9cessaire de savoir \u00abd\u00e9crypter\u00bb ces modes de communication et de transformation num\u00e9rique des contenus, afin de les aider \u00e0 d\u00e9velopper une distance critique par rapport [&hellip;]<\/p>\n","protected":false},"template":"","format":[133],"resource_target":[361],"resource_language":[357],"class_list":["post-10776","resource_pro","type-resource_pro","status-publish","hentry","resource_target-jugend-und-junge-erwachsene","resource_language-franzoesisch","format-video-de"],"acf":[],"yoast_head":"<!-- This site is optimized with the Yoast SEO plugin v27.5 - https:\/\/yoast.com\/product\/yoast-seo-wordpress\/ -->\n<title>L&#039;impact des contenus partag\u00e9s sur les r\u00e9seaux sociaux sur la construction de son identit\u00e9 et de l&#039;estime de soi - St\u00e9phane Koch | Sant\u00e9Psy.ch<\/title>\n<meta name=\"robots\" content=\"noindex, follow\" \/>\n<meta property=\"og:locale\" content=\"de_DE\" \/>\n<meta property=\"og:type\" content=\"article\" \/>\n<meta property=\"og:title\" content=\"L&#039;impact des contenus partag\u00e9s sur les r\u00e9seaux sociaux sur la construction de son identit\u00e9 et de l&#039;estime de soi - St\u00e9phane Koch | Sant\u00e9Psy.ch\" \/>\n<meta property=\"og:description\" content=\"Les influenceurs, la chosification des corps \u00e0 travers la publicit\u00e9 ou la t\u00e9l\u00e9-r\u00e9alit\u00e9, les images retouch\u00e9es, peuvent avoir un fort impact sur la sant\u00e9 mentale des adolescent.e.s. Il est devenu n\u00e9cessaire de savoir \u00abd\u00e9crypter\u00bb ces modes de communication et de transformation num\u00e9rique des contenus, afin de les aider \u00e0 d\u00e9velopper une distance critique par rapport [&hellip;]\" \/>\n<meta property=\"og:url\" content=\"https:\/\/santepsy.ch\/de\/ressource_pro\/limpact-des-contenus-partages-sur-les-reseaux-sociaux-sur-la-construction-de-son-identite-et-de-lestime-de-soi-stephane-koch\/\" \/>\n<meta property=\"og:site_name\" content=\"Sant\u00e9Psy.ch\" \/>\n<meta property=\"article:modified_time\" content=\"2024-09-18T13:50:45+00:00\" \/>\n<meta name=\"twitter:card\" content=\"summary_large_image\" \/>\n<meta name=\"twitter:label1\" content=\"Gesch\u00e4tzte Lesezeit\" \/>\n\t<meta name=\"twitter:data1\" content=\"1\u00a0Minute\" \/>\n<script type=\"application\/ld+json\" class=\"yoast-schema-graph\">{\"@context\":\"https:\\\/\\\/schema.org\",\"@graph\":[{\"@type\":\"WebPage\",\"@id\":\"https:\\\/\\\/santepsy.ch\\\/de\\\/ressource_pro\\\/limpact-des-contenus-partages-sur-les-reseaux-sociaux-sur-la-construction-de-son-identite-et-de-lestime-de-soi-stephane-koch\\\/\",\"url\":\"https:\\\/\\\/santepsy.ch\\\/de\\\/ressource_pro\\\/limpact-des-contenus-partages-sur-les-reseaux-sociaux-sur-la-construction-de-son-identite-et-de-lestime-de-soi-stephane-koch\\\/\",\"name\":\"L'impact des contenus partag\u00e9s sur les r\u00e9seaux sociaux sur la construction de son identit\u00e9 et de l'estime de soi - St\u00e9phane Koch | Sant\u00e9Psy.ch\",\"isPartOf\":{\"@id\":\"https:\\\/\\\/santepsy.ch\\\/de\\\/#website\"},\"datePublished\":\"2023-07-27T09:15:05+00:00\",\"dateModified\":\"2024-09-18T13:50:45+00:00\",\"breadcrumb\":{\"@id\":\"https:\\\/\\\/santepsy.ch\\\/de\\\/ressource_pro\\\/limpact-des-contenus-partages-sur-les-reseaux-sociaux-sur-la-construction-de-son-identite-et-de-lestime-de-soi-stephane-koch\\\/#breadcrumb\"},\"inLanguage\":\"de-CH\",\"potentialAction\":[{\"@type\":\"ReadAction\",\"target\":[\"https:\\\/\\\/santepsy.ch\\\/de\\\/ressource_pro\\\/limpact-des-contenus-partages-sur-les-reseaux-sociaux-sur-la-construction-de-son-identite-et-de-lestime-de-soi-stephane-koch\\\/\"]}]},{\"@type\":\"BreadcrumbList\",\"@id\":\"https:\\\/\\\/santepsy.ch\\\/de\\\/ressource_pro\\\/limpact-des-contenus-partages-sur-les-reseaux-sociaux-sur-la-construction-de-son-identite-et-de-lestime-de-soi-stephane-koch\\\/#breadcrumb\",\"itemListElement\":[{\"@type\":\"ListItem\",\"position\":1,\"name\":\"Home\",\"item\":\"https:\\\/\\\/santepsy.ch\\\/de\\\/\"},{\"@type\":\"ListItem\",\"position\":2,\"name\":\"Ressourcen\",\"item\":\"https:\\\/\\\/santepsy.ch\\\/de\\\/portal-fachpersonen\\\/bibliothek\\\/\"},{\"@type\":\"ListItem\",\"position\":3,\"name\":\"L&rsquo;impact des contenus partag\u00e9s sur les r\u00e9seaux sociaux sur la construction de son identit\u00e9 et de l&rsquo;estime de soi &#8211; St\u00e9phane Koch\"}]},{\"@type\":\"WebSite\",\"@id\":\"https:\\\/\\\/santepsy.ch\\\/de\\\/#website\",\"url\":\"https:\\\/\\\/santepsy.ch\\\/de\\\/\",\"name\":\"Sant\u00e9Psy.ch\",\"description\":\"Tous concern\u00e9s\",\"potentialAction\":[{\"@type\":\"SearchAction\",\"target\":{\"@type\":\"EntryPoint\",\"urlTemplate\":\"https:\\\/\\\/santepsy.ch\\\/de\\\/?s={search_term_string}\"},\"query-input\":{\"@type\":\"PropertyValueSpecification\",\"valueRequired\":true,\"valueName\":\"search_term_string\"}}],\"inLanguage\":\"de-CH\"}]}<\/script>\n<!-- \/ Yoast SEO plugin. -->","yoast_head_json":{"title":"L'impact des contenus partag\u00e9s sur les r\u00e9seaux sociaux sur la construction de son identit\u00e9 et de l'estime de soi - St\u00e9phane Koch | Sant\u00e9Psy.ch","robots":{"index":"noindex","follow":"follow"},"og_locale":"de_DE","og_type":"article","og_title":"L'impact des contenus partag\u00e9s sur les r\u00e9seaux sociaux sur la construction de son identit\u00e9 et de l'estime de soi - St\u00e9phane Koch | Sant\u00e9Psy.ch","og_description":"Les influenceurs, la chosification des corps \u00e0 travers la publicit\u00e9 ou la t\u00e9l\u00e9-r\u00e9alit\u00e9, les images retouch\u00e9es, peuvent avoir un fort impact sur la sant\u00e9 mentale des adolescent.e.s. Il est devenu n\u00e9cessaire de savoir \u00abd\u00e9crypter\u00bb ces modes de communication et de transformation num\u00e9rique des contenus, afin de les aider \u00e0 d\u00e9velopper une distance critique par rapport [&hellip;]","og_url":"https:\/\/santepsy.ch\/de\/ressource_pro\/limpact-des-contenus-partages-sur-les-reseaux-sociaux-sur-la-construction-de-son-identite-et-de-lestime-de-soi-stephane-koch\/","og_site_name":"Sant\u00e9Psy.ch","article_modified_time":"2024-09-18T13:50:45+00:00","twitter_card":"summary_large_image","twitter_misc":{"Gesch\u00e4tzte Lesezeit":"1\u00a0Minute"},"schema":{"@context":"https:\/\/schema.org","@graph":[{"@type":"WebPage","@id":"https:\/\/santepsy.ch\/de\/ressource_pro\/limpact-des-contenus-partages-sur-les-reseaux-sociaux-sur-la-construction-de-son-identite-et-de-lestime-de-soi-stephane-koch\/","url":"https:\/\/santepsy.ch\/de\/ressource_pro\/limpact-des-contenus-partages-sur-les-reseaux-sociaux-sur-la-construction-de-son-identite-et-de-lestime-de-soi-stephane-koch\/","name":"L'impact des contenus partag\u00e9s sur les r\u00e9seaux sociaux sur la construction de son identit\u00e9 et de l'estime de soi - St\u00e9phane Koch | Sant\u00e9Psy.ch","isPartOf":{"@id":"https:\/\/santepsy.ch\/de\/#website"},"datePublished":"2023-07-27T09:15:05+00:00","dateModified":"2024-09-18T13:50:45+00:00","breadcrumb":{"@id":"https:\/\/santepsy.ch\/de\/ressource_pro\/limpact-des-contenus-partages-sur-les-reseaux-sociaux-sur-la-construction-de-son-identite-et-de-lestime-de-soi-stephane-koch\/#breadcrumb"},"inLanguage":"de-CH","potentialAction":[{"@type":"ReadAction","target":["https:\/\/santepsy.ch\/de\/ressource_pro\/limpact-des-contenus-partages-sur-les-reseaux-sociaux-sur-la-construction-de-son-identite-et-de-lestime-de-soi-stephane-koch\/"]}]},{"@type":"BreadcrumbList","@id":"https:\/\/santepsy.ch\/de\/ressource_pro\/limpact-des-contenus-partages-sur-les-reseaux-sociaux-sur-la-construction-de-son-identite-et-de-lestime-de-soi-stephane-koch\/#breadcrumb","itemListElement":[{"@type":"ListItem","position":1,"name":"Home","item":"https:\/\/santepsy.ch\/de\/"},{"@type":"ListItem","position":2,"name":"Ressourcen","item":"https:\/\/santepsy.ch\/de\/portal-fachpersonen\/bibliothek\/"},{"@type":"ListItem","position":3,"name":"L&rsquo;impact des contenus partag\u00e9s sur les r\u00e9seaux sociaux sur la construction de son identit\u00e9 et de l&rsquo;estime de soi &#8211; St\u00e9phane Koch"}]},{"@type":"WebSite","@id":"https:\/\/santepsy.ch\/de\/#website","url":"https:\/\/santepsy.ch\/de\/","name":"Sant\u00e9Psy.ch","description":"Tous concern\u00e9s","potentialAction":[{"@type":"SearchAction","target":{"@type":"EntryPoint","urlTemplate":"https:\/\/santepsy.ch\/de\/?s={search_term_string}"},"query-input":{"@type":"PropertyValueSpecification","valueRequired":true,"valueName":"search_term_string"}}],"inLanguage":"de-CH"}]}},"_links":{"self":[{"href":"https:\/\/santepsy.ch\/de\/wp-json\/wp\/v2\/resource_pro\/10776","targetHints":{"allow":["GET"]}}],"collection":[{"href":"https:\/\/santepsy.ch\/de\/wp-json\/wp\/v2\/resource_pro"}],"about":[{"href":"https:\/\/santepsy.ch\/de\/wp-json\/wp\/v2\/types\/resource_pro"}],"wp:attachment":[{"href":"https:\/\/santepsy.ch\/de\/wp-json\/wp\/v2\/media?parent=10776"}],"wp:term":[{"taxonomy":"resource_target","embeddable":true,"href":"https:\/\/santepsy.ch\/de\/wp-json\/wp\/v2\/resource_target?post=10776"},{"taxonomy":"resource_language","embeddable":true,"href":"https:\/\/santepsy.ch\/de\/wp-json\/wp\/v2\/resource_language?post=10776"},{"taxonomy":"format","embeddable":true,"href":"https:\/\/santepsy.ch\/de\/wp-json\/wp\/v2\/format?post=10776"}],"curies":[{"name":"wp","href":"https:\/\/api.w.org\/{rel}","templated":true}]}}